{"id":807,"date":"2024-03-21T08:39:13","date_gmt":"2024-03-21T07:39:13","guid":{"rendered":"https:\/\/xn--elfenhrchen-verlag-h3b.de\/?page_id=807"},"modified":"2024-03-21T09:43:33","modified_gmt":"2024-03-21T08:43:33","slug":"24-tuerchen-fuer-mich","status":"publish","type":"page","link":"https:\/\/elfenoehrchen-verlag.de\/en\/24-tuerchen-fuer-mich\/","title":{"rendered":"24 T\u00fcrchen f\u00fcr mich"},"content":{"rendered":"<p>[et_pb_section fb_built=&#8220;1&#8243; disabled_on=&#8220;off|off|off&#8220; _builder_version=&#8220;4.17.4&#8243; _module_preset=&#8220;default&#8220; global_colors_info=&#8220;{}&#8220;][et_pb_row column_structure=&#8220;1_2,1_2&#8243; _builder_version=&#8220;4.17.4&#8243; _module_preset=&#8220;default&#8220; global_colors_info=&#8220;{}&#8220;][et_pb_column type=&#8220;1_2&#8243; _builder_version=&#8220;4.17.4&#8243; _module_preset=&#8220;default&#8220; global_colors_info=&#8220;{}&#8220;][et_pb_image src=&#8220;https:\/\/xn--elfenhrchen-verlag-h3b.de\/wp-content\/uploads\/2024\/03\/Cover-Website-Elfenoehrchen-Kopie-5.png&#8220; title_text=&#8220;Cover 24 T\u00fcrchen f\u00fcr mich&#8220; url=&#8220;https:\/\/amzn.to\/46RPukO&#8220; url_new_window=&#8220;on&#8220; _builder_version=&#8220;4.17.4&#8243; _module_preset=&#8220;default&#8220; global_colors_info=&#8220;{}&#8220;][\/et_pb_image][et_pb_text _builder_version=&#8220;4.17.4&#8243; _module_preset=&#8220;default&#8220; link_option_url=&#8220;https:\/\/amzn.to\/46RPukO&#8220; link_option_url_new_window=&#8220;on&#8220; global_colors_info=&#8220;{}&#8220;]<\/p>\n<p><b>24 T\u00fcrchen f\u00fcr mich<\/b><\/p>\n<p>\u20ac24,98 Euro |\u20ac15,95 Euro<\/p>\n<p>[\/et_pb_text][\/et_pb_column][et_pb_column type=&#8220;1_2&#8243; _builder_version=&#8220;4.17.4&#8243; _module_preset=&#8220;default&#8220; global_colors_info=&#8220;{}&#8220;][et_pb_text _builder_version=&#8220;4.17.4&#8243; _module_preset=&#8220;default&#8220; global_colors_info=&#8220;{}&#8220;]<\/p>\n<h4><strong><span class=\"a-text-bold\">24 T\u00fcrchen f\u00fcr mich<\/span><\/strong><\/h4>\n<p><strong><span class=\"a-text-bold\"><\/span><\/strong><\/p>\n<p><strong><span class=\"a-text-bold\">Der achtsame Adventskalender f\u00fcr Kinder! &#8211; Ab 6 Jahren!<\/span><\/strong><\/p>\n<p><span>Entdeckt mit &#8222;<\/span><span class=\"a-text-bold\">24 T\u00fcrchen f\u00fcr mich: Der achtsame Adventskalender f\u00fcr Kinder<\/span><span>&#8220; eine einzigartige Reise der Achtsamkeit und\u00a0<\/span><span class=\"a-text-bold\">Pers\u00f6nlichkeitsentwicklung<\/span><span>\u00a0f\u00fcr junge Entdecker ab 6 Jahren. Dieses besondere literarische Werk entf\u00fchrt Kinder in eine Welt der inneren Ruhe,\u00a0<\/span><span class=\"a-text-bold\">positiven Impulse<\/span><span>\u00a0und liebevollen Geschichten.<\/p>\n<p><strong>Das erwartet Euch:<\/strong><\/span><\/p>\n<ul class=\"a-unordered-list a-vertical\">\n<li><span class=\"a-list-item\"><span>Hinter jedem T\u00fcrchen verbirgt sich nicht nur eine\u00a0<\/span><span class=\"a-text-bold\">Geschichte<\/span><span>, sondern auch eine\u00a0<\/span><span class=\"a-text-bold\">Achtsamkeits\u00fcbung<\/span><span>\u00a0oder\u00a0<\/span><span class=\"a-text-bold\">Meditation<\/span><span>, die spielerisch in den Alltag integriert werden kann. Dieser Adventskalender schafft nicht nur eine festliche Atmosph\u00e4re, sondern\u00a0<\/span><span class=\"a-text-bold\">f\u00f6rdert auch die emotionale Intelligenz und das Selbstbewusstsein der Kinder<\/span><span>.<\/span><\/span><\/li>\n<li><span class=\"a-list-item\"><span>Die<\/span><span class=\"a-text-bold\"><span>\u00a0<\/span>liebevoll gestalteten Geschichten<\/span><span>\u00a0regen die Fantasie an und vermitteln auf einf\u00fchlsame Weise Werte wie\u00a0<\/span><span class=\"a-text-bold\">Empathie, Dankbarkeit und Selbstliebe<\/span><span>. Begleitet von sanften Meditationen und Achtsamkeits\u00fcbungen k\u00f6nnen Kinder t\u00e4glich kleine Impulse f\u00fcr ihre pers\u00f6nliche Entwicklung mitnehmen.<\/span><\/span><\/li>\n<li><span class=\"a-list-item\"><span>Die\u00a0<\/span><span class=\"a-text-bold\">zauberhaften Illustrationen<\/span><span>\u00a0entf\u00fchren die kleinen Leserinnen und Leser in eine Welt der Tr\u00e4ume und Inspiration. F\u00fcr Momente der\u00a0<\/span><span class=\"a-text-bold\">Selbstreflexion und des inneren Wachstums<\/span><span>.<\/span><\/span><\/li>\n<\/ul>\n<p><span>Macht diese Vorweihnachtszeit zu einem besonderen Erlebnis der Achtsamkeit und Pers\u00f6nlichkeitsentwicklung \u2013 T\u00fcrchen f\u00fcr T\u00fcrchen.\u00a0<\/span><span class=\"a-text-bold\">Ein Geschenk, das langfristig positive Spuren im Herzen Ihrer Kinder hinterl\u00e4sst.<br \/><\/span><\/p>\n<p>[\/et_pb_text][et_pb_button button_url=&#8220;https:\/\/amzn.to\/46RPukO&#8220; url_new_window=&#8220;on&#8220; button_text=&#8220;Jetzt kaufen *&#8220; button_alignment=&#8220;center&#8220; _builder_version=&#8220;4.17.4&#8243; _module_preset=&#8220;default&#8220; custom_button=&#8220;on&#8220; button_text_color=&#8220;#000000&#8243; custom_margin=&#8220;19px|||||&#8220; global_colors_info=&#8220;{}&#8220;][\/et_pb_button][\/et_pb_column][\/et_pb_row][\/et_pb_section][et_pb_section fb_built=&#8220;1&#8243; _builder_version=&#8220;4.17.4&#8243; _module_preset=&#8220;default&#8220; background_color=&#8220;#D6D6D6&#8243; global_colors_info=&#8220;{}&#8220; custom_padding=&#8220;8px|||||&#8220;][et_pb_row _builder_version=&#8220;4.17.4&#8243; _module_preset=&#8220;default&#8220; min_height=&#8220;62px&#8220; custom_padding=&#8220;20px||3px|||&#8220; global_colors_info=&#8220;{}&#8220;][et_pb_column type=&#8220;4_4&#8243; _builder_version=&#8220;4.17.4&#8243; _module_preset=&#8220;default&#8220; global_colors_info=&#8220;{}&#8220;][et_pb_text _builder_version=&#8220;4.17.4&#8243; _module_preset=&#8220;default&#8220; global_colors_info=&#8220;{}&#8220;]<\/p>\n<h2><strong>Diese B\u00fccher k\u00f6nnten Dir auch gefallen:<\/strong><\/h2>\n<p>[\/et_pb_text][\/et_pb_column][\/et_pb_row][et_pb_row column_structure=&#8220;1_5,1_5,1_5,1_5,1_5&#8243; _builder_version=&#8220;4.17.4&#8243; _module_preset=&#8220;default&#8220; global_colors_info=&#8220;{}&#8220;][et_pb_column type=&#8220;1_5&#8243; _builder_version=&#8220;4.17.4&#8243; _module_preset=&#8220;default&#8220; background_color=&#8220;#D6D6D6&#8243; global_colors_info=&#8220;{}&#8220;][et_pb_image src=&#8220;https:\/\/xn--elfenhrchen-verlag-h3b.de\/wp-content\/uploads\/2023\/07\/1-1.png&#8220; title_text=&#8220;1&#8243; url=&#8220;@ET-DC@eyJkeW5hbWljIjp0cnVlLCJjb250ZW50IjoicG9zdF9saW5rX3VybF9wYWdlIiwic2V0dGluZ3MiOnsicG9zdF9pZCI6Ijc4MCJ9fQ==@&#8220; _builder_version=&#8220;4.17.4&#8243; _dynamic_attributes=&#8220;url&#8220; _module_preset=&#8220;default&#8220; global_colors_info=&#8220;{}&#8220;][\/et_pb_image][et_pb_text _builder_version=&#8220;4.17.4&#8243; _dynamic_attributes=&#8220;link_option_url&#8220; _module_preset=&#8220;default&#8220; link_option_url=&#8220;@ET-DC@eyJkeW5hbWljIjp0cnVlLCJjb250ZW50IjoicG9zdF9saW5rX3VybF9wYWdlIiwic2V0dGluZ3MiOnsicG9zdF9pZCI6Ijc4MCJ9fQ==@&#8220; link_option_url_new_window=&#8220;on&#8220; global_colors_info=&#8220;{}&#8220;]<\/p>\n<p><strong>Wildlife is a part of me<\/strong><\/p>\n<p>\u20ac25,95 Euro |\u20ac16,95 Euro<\/p>\n<p>[\/et_pb_text][\/et_pb_column][et_pb_column type=&#8220;1_5&#8243; _builder_version=&#8220;4.17.4&#8243; _module_preset=&#8220;default&#8220; global_colors_info=&#8220;{}&#8220;][et_pb_image src=&#8220;https:\/\/xn--elfenhrchen-verlag-h3b.de\/wp-content\/uploads\/2023\/07\/4.png&#8220; title_text=&#8220;4&#8243; url=&#8220;@ET-DC@eyJkeW5hbWljIjp0cnVlLCJjb250ZW50IjoicG9zdF9saW5rX3VybF9wYWdlIiwic2V0dGluZ3MiOnsicG9zdF9pZCI6IjYwMiJ9fQ==@&#8220; _builder_version=&#8220;4.17.4&#8243; _dynamic_attributes=&#8220;url&#8220; _module_preset=&#8220;default&#8220; global_colors_info=&#8220;{}&#8220;][\/et_pb_image][et_pb_text _builder_version=&#8220;4.17.4&#8243; _dynamic_attributes=&#8220;link_option_url&#8220; _module_preset=&#8220;default&#8220; link_option_url=&#8220;@ET-DC@eyJkeW5hbWljIjp0cnVlLCJjb250ZW50IjoicG9zdF9saW5rX3VybF9wYWdlIiwic2V0dGluZ3MiOnsicG9zdF9pZCI6IjYwMiJ9fQ==@&#8220; link_option_url_new_window=&#8220;on&#8220; global_colors_info=&#8220;{}&#8220;]<\/p>\n<p><strong>The Garden in You<\/strong><\/p>\n<p>\u20ac25,95 Euro |\u20ac16,95 Euro<\/p>\n<p>[\/et_pb_text][\/et_pb_column][et_pb_column type=&#8220;1_5&#8243; _builder_version=&#8220;4.17.4&#8243; _module_preset=&#8220;default&#8220; global_colors_info=&#8220;{}&#8220;][et_pb_image src=&#8220;https:\/\/xn--elfenhrchen-verlag-h3b.de\/wp-content\/uploads\/2023\/07\/3.png&#8220; title_text=&#8220;3&#8243; url=&#8220;@ET-DC@eyJkeW5hbWljIjp0cnVlLCJjb250ZW50IjoicG9zdF9saW5rX3VybF9wYWdlIiwic2V0dGluZ3MiOnsicG9zdF9pZCI6IjYyMiJ9fQ==@&#8220; _builder_version=&#8220;4.17.4&#8243; _dynamic_attributes=&#8220;url&#8220; _module_preset=&#8220;default&#8220; global_colors_info=&#8220;{}&#8220;][\/et_pb_image][et_pb_text _builder_version=&#8220;4.17.4&#8243; _dynamic_attributes=&#8220;link_option_url&#8220; _module_preset=&#8220;default&#8220; link_option_url=&#8220;@ET-DC@eyJkeW5hbWljIjp0cnVlLCJjb250ZW50IjoicG9zdF9saW5rX3VybF9wYWdlIiwic2V0dGluZ3MiOnsicG9zdF9pZCI6IjYyMiJ9fQ==@&#8220; global_colors_info=&#8220;{}&#8220;]<\/p>\n<p><strong>The Love in You<\/strong><\/p>\n<p>\u20ac25,95 Euro |\u20ac16,95 Euro<\/p>\n<p>[\/et_pb_text][\/et_pb_column][et_pb_column type=&#8220;1_5&#8243; _builder_version=&#8220;4.17.4&#8243; _module_preset=&#8220;default&#8220; global_colors_info=&#8220;{}&#8220;][et_pb_image src=&#8220;https:\/\/xn--elfenhrchen-verlag-h3b.de\/wp-content\/uploads\/2024\/03\/Cover-Website-Elfenoehrchen-Kopie.png&#8220; title_text=&#8220;Cover Das Universum in dir&#8220; url=&#8220;@ET-DC@eyJkeW5hbWljIjp0cnVlLCJjb250ZW50IjoicG9zdF9saW5rX3VybF9wYWdlIiwic2V0dGluZ3MiOnsicG9zdF9pZCI6IjU4MCJ9fQ==@&#8220; _builder_version=&#8220;4.17.4&#8243; _dynamic_attributes=&#8220;url&#8220; _module_preset=&#8220;default&#8220; global_colors_info=&#8220;{}&#8220;][\/et_pb_image][et_pb_text _builder_version=&#8220;4.17.4&#8243; _dynamic_attributes=&#8220;link_option_url&#8220; _module_preset=&#8220;default&#8220; link_option_url=&#8220;@ET-DC@eyJkeW5hbWljIjp0cnVlLCJjb250ZW50IjoicG9zdF9saW5rX3VybF9wYWdlIiwic2V0dGluZ3MiOnsicG9zdF9pZCI6IjU4MCJ9fQ==@&#8220; global_colors_info=&#8220;{}&#8220;]<\/p>\n<p><strong>Das Universum in Dir<\/strong><\/p>\n<p>\u20ac25,95 Euro |\u20ac16,95 Euro<\/p>\n<p>[\/et_pb_text][\/et_pb_column][et_pb_column type=&#8220;1_5&#8243; _builder_version=&#8220;4.17.4&#8243; _module_preset=&#8220;default&#8220; global_colors_info=&#8220;{}&#8220;][et_pb_image src=&#8220;https:\/\/xn--elfenhrchen-verlag-h3b.de\/wp-content\/uploads\/2023\/07\/2-1.png&#8220; title_text=&#8220;Cover Tempel&#8220; url=&#8220;@ET-DC@eyJkeW5hbWljIjp0cnVlLCJjb250ZW50IjoicG9zdF9saW5rX3VybF9wYWdlIiwic2V0dGluZ3MiOnsicG9zdF9pZCI6Ijc2MSJ9fQ==@&#8220; _builder_version=&#8220;4.17.4&#8243; _dynamic_attributes=&#8220;url&#8220; _module_preset=&#8220;default&#8220; global_colors_info=&#8220;{}&#8220;][\/et_pb_image][et_pb_text _builder_version=&#8220;4.17.4&#8243; _dynamic_attributes=&#8220;link_option_url&#8220; _module_preset=&#8220;default&#8220; link_option_url=&#8220;@ET-DC@eyJkeW5hbWljIjp0cnVlLCJjb250ZW50IjoicG9zdF9saW5rX3VybF9wYWdlIiwic2V0dGluZ3MiOnsicG9zdF9pZCI6Ijc2MSJ9fQ==@&#8220; global_colors_info=&#8220;{}&#8220;]<\/p>\n<p><strong>Ein Tempel f\u00fcr Dich<\/strong><\/p>\n<p>\u20ac25,95 Euro |\u20ac16,95 Euro<\/p>\n<p>[\/et_pb_text][\/et_pb_column][\/et_pb_row][\/et_pb_section][et_pb_section fb_built=&#8220;1&#8243; _builder_version=&#8220;4.17.4&#8243; _module_preset=&#8220;default&#8220; background_color=&#8220;#FFFFFF&#8220; custom_margin=&#8220;||-73px|||&#8220; custom_padding=&#8220;14px||0px|||&#8220; global_colors_info=&#8220;{}&#8220;][et_pb_row _builder_version=&#8220;4.17.4&#8243; _module_preset=&#8220;default&#8220; global_colors_info=&#8220;{}&#8220;][et_pb_column type=&#8220;4_4&#8243; _builder_version=&#8220;4.17.4&#8243; _module_preset=&#8220;default&#8220; global_colors_info=&#8220;{}&#8220;][et_pb_button button_url=&#8220;https:\/\/amzn.to\/46RPukO&#8220; url_new_window=&#8220;on&#8220; button_text=&#8220;Hol Dir jetzt Dein Exemplar von %2224 T\u00fcrchen f\u00fcr mich%22 *&#8220; button_alignment=&#8220;center&#8220; _builder_version=&#8220;4.17.4&#8243; _module_preset=&#8220;default&#8220; custom_button=&#8220;on&#8220; button_text_color=&#8220;#000000&#8243; global_colors_info=&#8220;{}&#8220;][\/et_pb_button][et_pb_text _builder_version=&#8220;4.17.4&#8243; _module_preset=&#8220;default&#8220; global_colors_info=&#8220;{}&#8220;]<\/p>\n<p style=\"text-align: center;\"><span>* verdient Provisionen \/ Als Amazon-Partner verdiene ich an qualifizierten Verk\u00e4ufen.<\/span><\/p>\n<p>[\/et_pb_text][\/et_pb_column][\/et_pb_row][\/et_pb_section]<\/p>","protected":false},"excerpt":{"rendered":"<p>24 T\u00fcrchen f\u00fcr mich \u20ac24,98 Euro |\u20ac15,95 Euro24 T\u00fcrchen f\u00fcr mich Der achtsame Adventskalender f\u00fcr Kinder! &#8211; Ab 6 Jahren! Entdeckt mit &#8222;24 T\u00fcrchen f\u00fcr mich: Der achtsame Adventskalender f\u00fcr Kinder&#8220; eine einzigartige Reise der Achtsamkeit und\u00a0Pers\u00f6nlichkeitsentwicklung\u00a0f\u00fcr junge Entdecker ab 6 Jahren. Dieses besondere literarische Werk entf\u00fchrt Kinder in eine Welt der inneren Ruhe,\u00a0positiven Impulse\u00a0und [&hellip;]<\/p>","protected":false},"author":1,"featured_media":0,"parent":0,"menu_order":0,"comment_status":"closed","ping_status":"closed","template":"","meta":{"_et_pb_use_builder":"on","_et_pb_old_content":"","_et_gb_content_width":"","footnotes":""},"class_list":["post-807","page","type-page","status-publish","hentry"],"yoast_head":"<!-- This site is optimized with the Yoast SEO plugin v26.8 - https:\/\/yoast.com\/product\/yoast-seo-wordpress\/ -->\n<title>24 T\u00fcrchen f\u00fcr mich - https:\/\/elfenoehrchen-verlag.de<\/title>\n<meta name=\"robots\" content=\"index, follow, max-snippet:-1, max-image-preview:large, max-video-preview:-1\" \/>\n<link rel=\"canonical\" href=\"https:\/\/elfenoehrchen-verlag.de\/en\/24-tuerchen-fuer-mich\/\" \/>\n<meta property=\"og:locale\" content=\"en_GB\" \/>\n<meta property=\"og:type\" content=\"article\" \/>\n<meta property=\"og:title\" content=\"24 T\u00fcrchen f\u00fcr mich - https:\/\/elfenoehrchen-verlag.de\" \/>\n<meta property=\"og:description\" content=\"24 T\u00fcrchen f\u00fcr mich \u20ac24,98 Euro |\u20ac15,95 Euro24 T\u00fcrchen f\u00fcr mich Der achtsame Adventskalender f\u00fcr Kinder! - Ab 6 Jahren! Entdeckt mit &quot;24 T\u00fcrchen f\u00fcr mich: Der achtsame Adventskalender f\u00fcr Kinder&quot; eine einzigartige Reise der Achtsamkeit und\u00a0Pers\u00f6nlichkeitsentwicklung\u00a0f\u00fcr junge Entdecker ab 6 Jahren. Dieses besondere literarische Werk entf\u00fchrt Kinder in eine Welt der inneren Ruhe,\u00a0positiven Impulse\u00a0und [&hellip;]\" \/>\n<meta property=\"og:url\" content=\"https:\/\/elfenoehrchen-verlag.de\/en\/24-tuerchen-fuer-mich\/\" \/>\n<meta property=\"og:site_name\" content=\"https:\/\/elfenoehrchen-verlag.de\" \/>\n<meta property=\"article:modified_time\" content=\"2024-03-21T08:43:33+00:00\" \/>\n<meta name=\"twitter:card\" content=\"summary_large_image\" \/>\n<script type=\"application\/ld+json\" class=\"yoast-schema-graph\">{\"@context\":\"https:\/\/schema.org\",\"@graph\":[{\"@type\":\"WebPage\",\"@id\":\"https:\/\/elfenoehrchen-verlag.de\/24-tuerchen-fuer-mich\/\",\"url\":\"https:\/\/elfenoehrchen-verlag.de\/24-tuerchen-fuer-mich\/\",\"name\":\"24 T\u00fcrchen f\u00fcr mich - https:\/\/elfenoehrchen-verlag.de\",\"isPartOf\":{\"@id\":\"https:\/\/elfenoehrchen-verlag.de\/#website\"},\"datePublished\":\"2024-03-21T07:39:13+00:00\",\"dateModified\":\"2024-03-21T08:43:33+00:00\",\"breadcrumb\":{\"@id\":\"https:\/\/elfenoehrchen-verlag.de\/24-tuerchen-fuer-mich\/#breadcrumb\"},\"inLanguage\":\"en-GB\",\"potentialAction\":[{\"@type\":\"ReadAction\",\"target\":[\"https:\/\/elfenoehrchen-verlag.de\/24-tuerchen-fuer-mich\/\"]}]},{\"@type\":\"BreadcrumbList\",\"@id\":\"https:\/\/elfenoehrchen-verlag.de\/24-tuerchen-fuer-mich\/#breadcrumb\",\"itemListElement\":[{\"@type\":\"ListItem\",\"position\":1,\"name\":\"Startseite\",\"item\":\"https:\/\/elfenoehrchen-verlag.de\/\"},{\"@type\":\"ListItem\",\"position\":2,\"name\":\"24 T\u00fcrchen f\u00fcr mich\"}]},{\"@type\":\"WebSite\",\"@id\":\"https:\/\/elfenoehrchen-verlag.de\/#website\",\"url\":\"https:\/\/elfenoehrchen-verlag.de\/\",\"name\":\"https:\/\/elfenoehrchen-verlag.de\",\"description\":\"\",\"potentialAction\":[{\"@type\":\"SearchAction\",\"target\":{\"@type\":\"EntryPoint\",\"urlTemplate\":\"https:\/\/elfenoehrchen-verlag.de\/?s={search_term_string}\"},\"query-input\":{\"@type\":\"PropertyValueSpecification\",\"valueRequired\":true,\"valueName\":\"search_term_string\"}}],\"inLanguage\":\"en-GB\"}]}<\/script>\n<!-- \/ Yoast SEO plugin. -->","yoast_head_json":{"title":"24 T\u00fcrchen f\u00fcr mich - https:\/\/elfenoehrchen-verlag.de","robots":{"index":"index","follow":"follow","max-snippet":"max-snippet:-1","max-image-preview":"max-image-preview:large","max-video-preview":"max-video-preview:-1"},"canonical":"https:\/\/elfenoehrchen-verlag.de\/en\/24-tuerchen-fuer-mich\/","og_locale":"en_GB","og_type":"article","og_title":"24 T\u00fcrchen f\u00fcr mich - https:\/\/elfenoehrchen-verlag.de","og_description":"24 T\u00fcrchen f\u00fcr mich \u20ac24,98 Euro |\u20ac15,95 Euro24 T\u00fcrchen f\u00fcr mich Der achtsame Adventskalender f\u00fcr Kinder! - Ab 6 Jahren! Entdeckt mit \"24 T\u00fcrchen f\u00fcr mich: Der achtsame Adventskalender f\u00fcr Kinder\" eine einzigartige Reise der Achtsamkeit und\u00a0Pers\u00f6nlichkeitsentwicklung\u00a0f\u00fcr junge Entdecker ab 6 Jahren. Dieses besondere literarische Werk entf\u00fchrt Kinder in eine Welt der inneren Ruhe,\u00a0positiven Impulse\u00a0und [&hellip;]","og_url":"https:\/\/elfenoehrchen-verlag.de\/en\/24-tuerchen-fuer-mich\/","og_site_name":"https:\/\/elfenoehrchen-verlag.de","article_modified_time":"2024-03-21T08:43:33+00:00","twitter_card":"summary_large_image","schema":{"@context":"https:\/\/schema.org","@graph":[{"@type":"WebPage","@id":"https:\/\/elfenoehrchen-verlag.de\/24-tuerchen-fuer-mich\/","url":"https:\/\/elfenoehrchen-verlag.de\/24-tuerchen-fuer-mich\/","name":"24 T\u00fcrchen f\u00fcr mich - https:\/\/elfenoehrchen-verlag.de","isPartOf":{"@id":"https:\/\/elfenoehrchen-verlag.de\/#website"},"datePublished":"2024-03-21T07:39:13+00:00","dateModified":"2024-03-21T08:43:33+00:00","breadcrumb":{"@id":"https:\/\/elfenoehrchen-verlag.de\/24-tuerchen-fuer-mich\/#breadcrumb"},"inLanguage":"en-GB","potentialAction":[{"@type":"ReadAction","target":["https:\/\/elfenoehrchen-verlag.de\/24-tuerchen-fuer-mich\/"]}]},{"@type":"BreadcrumbList","@id":"https:\/\/elfenoehrchen-verlag.de\/24-tuerchen-fuer-mich\/#breadcrumb","itemListElement":[{"@type":"ListItem","position":1,"name":"Startseite","item":"https:\/\/elfenoehrchen-verlag.de\/"},{"@type":"ListItem","position":2,"name":"24 T\u00fcrchen f\u00fcr mich"}]},{"@type":"WebSite","@id":"https:\/\/elfenoehrchen-verlag.de\/#website","url":"https:\/\/elfenoehrchen-verlag.de\/","name":"https:\/\/elfenoehrchen-verlag.de","description":"","potentialAction":[{"@type":"SearchAction","target":{"@type":"EntryPoint","urlTemplate":"https:\/\/elfenoehrchen-verlag.de\/?s={search_term_string}"},"query-input":{"@type":"PropertyValueSpecification","valueRequired":true,"valueName":"search_term_string"}}],"inLanguage":"en-GB"}]}},"_links":{"self":[{"href":"https:\/\/elfenoehrchen-verlag.de\/en\/wp-json\/wp\/v2\/pages\/807","targetHints":{"allow":["GET"]}}],"collection":[{"href":"https:\/\/elfenoehrchen-verlag.de\/en\/wp-json\/wp\/v2\/pages"}],"about":[{"href":"https:\/\/elfenoehrchen-verlag.de\/en\/wp-json\/wp\/v2\/types\/page"}],"author":[{"embeddable":true,"href":"https:\/\/elfenoehrchen-verlag.de\/en\/wp-json\/wp\/v2\/users\/1"}],"replies":[{"embeddable":true,"href":"https:\/\/elfenoehrchen-verlag.de\/en\/wp-json\/wp\/v2\/comments?post=807"}],"version-history":[{"count":3,"href":"https:\/\/elfenoehrchen-verlag.de\/en\/wp-json\/wp\/v2\/pages\/807\/revisions"}],"predecessor-version":[{"id":839,"href":"https:\/\/elfenoehrchen-verlag.de\/en\/wp-json\/wp\/v2\/pages\/807\/revisions\/839"}],"wp:attachment":[{"href":"https:\/\/elfenoehrchen-verlag.de\/en\/wp-json\/wp\/v2\/media?parent=807"}],"curies":[{"name":"wp","href":"https:\/\/api.w.org\/{rel}","templated":true}]}}