{"id":767,"date":"2024-03-20T18:31:25","date_gmt":"2024-03-20T17:31:25","guid":{"rendered":"https:\/\/xn--elfenhrchen-verlag-h3b.de\/?page_id=767"},"modified":"2024-03-21T09:35:37","modified_gmt":"2024-03-21T08:35:37","slug":"sag-mal-mobbts-bei-dir","status":"publish","type":"page","link":"https:\/\/elfenoehrchen-verlag.de\/en\/sag-mal-mobbts-bei-dir\/","title":{"rendered":"Sag mal, mobbt&#8217;s bei dir?"},"content":{"rendered":"<p>[et_pb_section fb_built=&#8220;1&#8243; disabled_on=&#8220;off|off|off&#8220; _builder_version=&#8220;4.17.4&#8243; _module_preset=&#8220;default&#8220; global_colors_info=&#8220;{}&#8220;][et_pb_row column_structure=&#8220;1_2,1_2&#8243; _builder_version=&#8220;4.17.4&#8243; _module_preset=&#8220;default&#8220; global_colors_info=&#8220;{}&#8220;][et_pb_column type=&#8220;1_2&#8243; _builder_version=&#8220;4.17.4&#8243; _module_preset=&#8220;default&#8220; global_colors_info=&#8220;{}&#8220;][et_pb_image src=&#8220;https:\/\/xn--elfenhrchen-verlag-h3b.de\/wp-content\/uploads\/2024\/03\/Cover-Website-Elfenoehrchen.png&#8220; title_text=&#8220;Cover Sag mal, mobbt&#8217;s bei dir&#8220; url=&#8220;https:\/\/amzn.to\/3T4s7hV&#8220; url_new_window=&#8220;on&#8220; _builder_version=&#8220;4.17.4&#8243; _module_preset=&#8220;default&#8220; global_colors_info=&#8220;{}&#8220;][\/et_pb_image][et_pb_text _builder_version=&#8220;4.17.4&#8243; _module_preset=&#8220;default&#8220; link_option_url=&#8220;https:\/\/amzn.to\/3T4s7hV&#8220; link_option_url_new_window=&#8220;on&#8220; global_colors_info=&#8220;{}&#8220;]<\/p>\n<p><strong>Sag mal, mobbt&#8217;s bei dir?<\/strong><\/p>\n<p>\u20ac25,95 Euro |\u20ac16,95 Euro<\/p>\n<p>[\/et_pb_text][\/et_pb_column][et_pb_column type=&#8220;1_2&#8243; _builder_version=&#8220;4.17.4&#8243; _module_preset=&#8220;default&#8220; global_colors_info=&#8220;{}&#8220;][et_pb_text _builder_version=&#8220;4.17.4&#8243; _module_preset=&#8220;default&#8220; global_colors_info=&#8220;{}&#8220;]<\/p>\n<h4><strong><span class=\"a-text-bold\">Sag mal, mobbt&#8217;s bei dir?<\/span><\/strong><\/h4>\n<p><strong><span class=\"a-text-bold\"><\/span><\/strong><\/p>\n<p><strong><span class=\"a-text-bold\">Das Anti-Mobbing Buch f\u00fcr Kinder! &#8211; Ab 8 Jahren!<\/span><\/strong><\/p>\n<p class=\"cvGsUA direction-ltr align-center para-style-body\"><span class=\"OYPEnA text-decoration-none text-strikethrough-none\">Jedes dritte Kind ist von Mobbing betroffen. Am h\u00e4ufigsten passiert es in deutschen Schulen. Doch was ist Mobbing \u00fcberhaupt, warum passiert Mobbing und was kann gegen Mobbing helfen?<\/span><\/p>\n<p class=\"cvGsUA direction-ltr align-center para-style-body\"><span class=\"OYPEnA text-decoration-none text-strikethrough-none\">Macht euch gemeinsam als Familie stark gegen Mobbing. Erfahrt im Erkl\u00e4rteil alles rund ums Thema, steigt tiefer in die Rolle der Opfer und dann in die Rolle der T\u00e4ter ein.<\/span><span class=\"OYPEnA text-decoration-none text-strikethrough-none white-space-prewrap\"> <\/span><\/p>\n<p class=\"cvGsUA direction-ltr align-center para-style-body\"><span class=\"OYPEnA text-decoration-none text-strikethrough-none\">BONUS: Sonderkapitel f\u00fcr Eltern und Lehrkr\u00e4fte und Empfehlungen f\u00fcr den Alltag.<\/span><\/p>\n<p class=\"cvGsUA direction-ltr align-center para-style-body\"><span class=\"OYPEnA text-decoration-none text-strikethrough-none\">Die Zahl der Menschen (besonders der Kinder), die Erfahrungen mit Mobbing machen steigt. Zeit, dass wir diesen Trend beenden.<\/span><\/p>\n<p class=\"a-spacing-base\"><strong>Das erwartet Dich:<\/strong><span class=\"a-text-bold\"><\/span><\/p>\n<ul>\n<li class=\"a-spacing-base\"><span class=\"a-text-bold\"><\/span>Gro\u00dfer Erkl\u00e4rteil zum Thema Mobbing<\/li>\n<li>Kapitel f\u00fcr Opfer und Helfer mit Meditation<\/li>\n<li class=\"a-spacing-base\">Kapitel f\u00fcr T\u00e4ter und Mitl\u00e4ufer mit Meditation<\/li>\n<li class=\"a-spacing-base\">Anlaufstellen und Schritt-f\u00fcr-Schritt Anleitung raus aus dem Mobbing<\/li>\n<li class=\"a-spacing-base\">Empfehlungen f\u00fcr starke Kinder<\/li>\n<li class=\"a-spacing-base\">Hilferuf zum ausschneiden und abgeben f\u00fcr T\u00e4ter wie auch f\u00fcr Opfer. Diesen gibt es auch als Download.<\/li>\n<\/ul>\n<p class=\"a-spacing-base\"><strong>F\u00fcr eine mobbingfreie Schule und eine bessere Gesellschaft f\u00fcr uns und unsere Kinder.<\/strong><span class=\"a-list-item\"><\/span><\/p>\n<p>[\/et_pb_text][et_pb_button button_url=&#8220;https:\/\/amzn.to\/3T4s7hV&#8220; url_new_window=&#8220;on&#8220; button_text=&#8220;Jetzt kaufen *&#8220; button_alignment=&#8220;center&#8220; _builder_version=&#8220;4.17.4&#8243; _module_preset=&#8220;default&#8220; custom_button=&#8220;on&#8220; button_text_color=&#8220;#000000&#8243; custom_margin=&#8220;19px|||||&#8220; global_colors_info=&#8220;{}&#8220;][\/et_pb_button][\/et_pb_column][\/et_pb_row][\/et_pb_section][et_pb_section fb_built=&#8220;1&#8243; _builder_version=&#8220;4.17.4&#8243; _module_preset=&#8220;default&#8220; background_color=&#8220;#D6D6D6&#8243; global_colors_info=&#8220;{}&#8220; custom_padding=&#8220;3px|||||&#8220;][et_pb_row _builder_version=&#8220;4.17.4&#8243; _module_preset=&#8220;default&#8220; min_height=&#8220;62px&#8220; custom_padding=&#8220;20px||3px|||&#8220; global_colors_info=&#8220;{}&#8220;][et_pb_column type=&#8220;4_4&#8243; _builder_version=&#8220;4.17.4&#8243; _module_preset=&#8220;default&#8220; global_colors_info=&#8220;{}&#8220;][et_pb_text _builder_version=&#8220;4.17.4&#8243; _module_preset=&#8220;default&#8220; global_colors_info=&#8220;{}&#8220;]<\/p>\n<h2><strong>Diese B\u00fccher k\u00f6nnten Dir auch gefallen:<\/strong><\/h2>\n<p>[\/et_pb_text][\/et_pb_column][\/et_pb_row][et_pb_row column_structure=&#8220;1_4,1_4,1_4,1_4&#8243; _builder_version=&#8220;4.17.4&#8243; _module_preset=&#8220;default&#8220; global_colors_info=&#8220;{}&#8220;][et_pb_column type=&#8220;1_4&#8243; _builder_version=&#8220;4.17.4&#8243; _module_preset=&#8220;default&#8220; background_color=&#8220;#D6D6D6&#8243; global_colors_info=&#8220;{}&#8220;][et_pb_image src=&#8220;https:\/\/xn--elfenhrchen-verlag-h3b.de\/wp-content\/uploads\/2023\/07\/4.png&#8220; title_text=&#8220;4&#8243; url=&#8220;@ET-DC@eyJkeW5hbWljIjp0cnVlLCJjb250ZW50IjoicG9zdF9saW5rX3VybF9wYWdlIiwic2V0dGluZ3MiOnsicG9zdF9pZCI6IjYwMiJ9fQ==@&#8220; _builder_version=&#8220;4.17.4&#8243; _dynamic_attributes=&#8220;url&#8220; _module_preset=&#8220;default&#8220; global_colors_info=&#8220;{}&#8220;][\/et_pb_image][et_pb_text _builder_version=&#8220;4.17.4&#8243; _dynamic_attributes=&#8220;link_option_url&#8220; _module_preset=&#8220;default&#8220; link_option_url=&#8220;@ET-DC@eyJkeW5hbWljIjp0cnVlLCJjb250ZW50IjoicG9zdF9saW5rX3VybF9wYWdlIiwic2V0dGluZ3MiOnsicG9zdF9pZCI6IjYwMiJ9fQ==@&#8220; link_option_url_new_window=&#8220;on&#8220; global_colors_info=&#8220;{}&#8220;]<\/p>\n<p><strong>The Garden in You<\/strong><\/p>\n<p>\u20ac25,95 Euro |\u20ac16,95 Euro<\/p>\n<p>[\/et_pb_text][\/et_pb_column][et_pb_column type=&#8220;1_4&#8243; _builder_version=&#8220;4.17.4&#8243; _module_preset=&#8220;default&#8220; global_colors_info=&#8220;{}&#8220;][et_pb_image src=&#8220;https:\/\/xn--elfenhrchen-verlag-h3b.de\/wp-content\/uploads\/2023\/07\/3.png&#8220; title_text=&#8220;3&#8243; url=&#8220;@ET-DC@eyJkeW5hbWljIjp0cnVlLCJjb250ZW50IjoicG9zdF9saW5rX3VybF9wYWdlIiwic2V0dGluZ3MiOnsicG9zdF9pZCI6IjYyMiJ9fQ==@&#8220; _builder_version=&#8220;4.17.4&#8243; _dynamic_attributes=&#8220;url&#8220; _module_preset=&#8220;default&#8220; global_colors_info=&#8220;{}&#8220;][\/et_pb_image][et_pb_text _builder_version=&#8220;4.17.4&#8243; _dynamic_attributes=&#8220;link_option_url&#8220; _module_preset=&#8220;default&#8220; link_option_url=&#8220;@ET-DC@eyJkeW5hbWljIjp0cnVlLCJjb250ZW50IjoicG9zdF9saW5rX3VybF9wYWdlIiwic2V0dGluZ3MiOnsicG9zdF9pZCI6IjYyMiJ9fQ==@&#8220; global_colors_info=&#8220;{}&#8220;]<\/p>\n<p><strong>The Love in You<\/strong><\/p>\n<p>\u20ac25,95 Euro |\u20ac16,95 Euro<\/p>\n<p>[\/et_pb_text][\/et_pb_column][et_pb_column type=&#8220;1_4&#8243; _builder_version=&#8220;4.17.4&#8243; _module_preset=&#8220;default&#8220; global_colors_info=&#8220;{}&#8220;][et_pb_image src=&#8220;https:\/\/xn--elfenhrchen-verlag-h3b.de\/wp-content\/uploads\/2024\/03\/Cover-Website-Elfenoehrchen-Kopie.png&#8220; title_text=&#8220;Cover Das Universum in dir&#8220; url=&#8220;@ET-DC@eyJkeW5hbWljIjp0cnVlLCJjb250ZW50IjoicG9zdF9saW5rX3VybF9wYWdlIiwic2V0dGluZ3MiOnsicG9zdF9pZCI6IjU4MCJ9fQ==@&#8220; _builder_version=&#8220;4.17.4&#8243; _dynamic_attributes=&#8220;url&#8220; _module_preset=&#8220;default&#8220; global_colors_info=&#8220;{}&#8220;][\/et_pb_image][et_pb_text _builder_version=&#8220;4.17.4&#8243; _dynamic_attributes=&#8220;link_option_url&#8220; _module_preset=&#8220;default&#8220; link_option_url=&#8220;@ET-DC@eyJkeW5hbWljIjp0cnVlLCJjb250ZW50IjoicG9zdF9saW5rX3VybF9wYWdlIiwic2V0dGluZ3MiOnsicG9zdF9pZCI6IjU4MCJ9fQ==@&#8220; global_colors_info=&#8220;{}&#8220;]<\/p>\n<p><strong>Das Universum in Dir<\/strong><\/p>\n<p>\u20ac25,95 Euro |\u20ac16,95 Euro<\/p>\n<p>[\/et_pb_text][\/et_pb_column][et_pb_column type=&#8220;1_4&#8243; _builder_version=&#8220;4.17.4&#8243; _module_preset=&#8220;default&#8220; global_colors_info=&#8220;{}&#8220;][et_pb_image src=&#8220;https:\/\/xn--elfenhrchen-verlag-h3b.de\/wp-content\/uploads\/2023\/07\/2-1.png&#8220; title_text=&#8220;Cover Tempel&#8220; url=&#8220;@ET-DC@eyJkeW5hbWljIjp0cnVlLCJjb250ZW50IjoicG9zdF9saW5rX3VybF9wYWdlIiwic2V0dGluZ3MiOnsicG9zdF9pZCI6Ijc2MSJ9fQ==@&#8220; _builder_version=&#8220;4.17.4&#8243; _dynamic_attributes=&#8220;url&#8220; _module_preset=&#8220;default&#8220; global_colors_info=&#8220;{}&#8220;][\/et_pb_image][et_pb_text _builder_version=&#8220;4.17.4&#8243; _dynamic_attributes=&#8220;link_option_url&#8220; _module_preset=&#8220;default&#8220; link_option_url=&#8220;@ET-DC@eyJkeW5hbWljIjp0cnVlLCJjb250ZW50IjoicG9zdF9saW5rX3VybF9wYWdlIiwic2V0dGluZ3MiOnsicG9zdF9pZCI6Ijc2MSJ9fQ==@&#8220; global_colors_info=&#8220;{}&#8220;]<\/p>\n<p><strong>Ein Tempel f\u00fcr Dich<\/strong><\/p>\n<p>\u20ac25,95 Euro |\u20ac16,95 Euro<\/p>\n<p>[\/et_pb_text][\/et_pb_column][\/et_pb_row][\/et_pb_section][et_pb_section fb_built=&#8220;1&#8243; _builder_version=&#8220;4.17.4&#8243; _module_preset=&#8220;default&#8220; background_color=&#8220;#FFFFFF&#8220; custom_margin=&#8220;||-73px|||&#8220; custom_padding=&#8220;14px||0px|||&#8220; global_colors_info=&#8220;{}&#8220;][et_pb_row _builder_version=&#8220;4.17.4&#8243; _module_preset=&#8220;default&#8220; global_colors_info=&#8220;{}&#8220;][et_pb_column type=&#8220;4_4&#8243; _builder_version=&#8220;4.17.4&#8243; _module_preset=&#8220;default&#8220; global_colors_info=&#8220;{}&#8220;][et_pb_button button_url=&#8220;https:\/\/amzn.to\/3T4s7hV&#8220; url_new_window=&#8220;on&#8220; button_text=&#8220;Hol Dir jetzt Dein Exemplar von %22Sag mal, mobbt&#8217;s bei dir?%22 *&#8220; button_alignment=&#8220;center&#8220; _builder_version=&#8220;4.17.4&#8243; _module_preset=&#8220;default&#8220; custom_button=&#8220;on&#8220; button_text_color=&#8220;#000000&#8243; global_colors_info=&#8220;{}&#8220;][\/et_pb_button][et_pb_text _builder_version=&#8220;4.17.4&#8243; _module_preset=&#8220;default&#8220; global_colors_info=&#8220;{}&#8220;]<\/p>\n<p style=\"text-align: center;\"><span>* verdient Provisionen \/ Als Amazon-Partner verdiene ich an qualifizierten Verk\u00e4ufen.<\/span><\/p>\n<p>[\/et_pb_text][\/et_pb_column][\/et_pb_row][\/et_pb_section]<\/p>","protected":false},"excerpt":{"rendered":"<p>Sag mal, mobbt&#8217;s bei dir? \u20ac25,95 Euro |\u20ac16,95 EuroSag mal, mobbt&#8217;s bei dir? Das Anti-Mobbing Buch f\u00fcr Kinder! &#8211; Ab 8 Jahren! Jedes dritte Kind ist von Mobbing betroffen. Am h\u00e4ufigsten passiert es in deutschen Schulen. Doch was ist Mobbing \u00fcberhaupt, warum passiert Mobbing und was kann gegen Mobbing helfen? Macht euch gemeinsam als Familie [&hellip;]<\/p>","protected":false},"author":1,"featured_media":0,"parent":0,"menu_order":0,"comment_status":"closed","ping_status":"closed","template":"","meta":{"_et_pb_use_builder":"on","_et_pb_old_content":"","_et_gb_content_width":"","footnotes":""},"class_list":["post-767","page","type-page","status-publish","hentry"],"yoast_head":"<!-- This site is optimized with the Yoast SEO plugin v26.8 - https:\/\/yoast.com\/product\/yoast-seo-wordpress\/ -->\n<title>Sag mal, mobbt&#039;s bei dir? - https:\/\/elfenoehrchen-verlag.de<\/title>\n<meta name=\"robots\" content=\"index, follow, max-snippet:-1, max-image-preview:large, max-video-preview:-1\" \/>\n<link rel=\"canonical\" href=\"https:\/\/elfenoehrchen-verlag.de\/en\/sag-mal-mobbts-bei-dir\/\" \/>\n<meta property=\"og:locale\" content=\"en_GB\" \/>\n<meta property=\"og:type\" content=\"article\" \/>\n<meta property=\"og:title\" content=\"Sag mal, mobbt&#039;s bei dir? - https:\/\/elfenoehrchen-verlag.de\" \/>\n<meta property=\"og:description\" content=\"Sag mal, mobbt&#039;s bei dir? \u20ac25,95 Euro |\u20ac16,95 EuroSag mal, mobbt&#039;s bei dir? Das Anti-Mobbing Buch f\u00fcr Kinder! - Ab 8 Jahren! Jedes dritte Kind ist von Mobbing betroffen. Am h\u00e4ufigsten passiert es in deutschen Schulen. Doch was ist Mobbing \u00fcberhaupt, warum passiert Mobbing und was kann gegen Mobbing helfen? Macht euch gemeinsam als Familie [&hellip;]\" \/>\n<meta property=\"og:url\" content=\"https:\/\/elfenoehrchen-verlag.de\/en\/sag-mal-mobbts-bei-dir\/\" \/>\n<meta property=\"og:site_name\" content=\"https:\/\/elfenoehrchen-verlag.de\" \/>\n<meta property=\"article:modified_time\" content=\"2024-03-21T08:35:37+00:00\" \/>\n<meta name=\"twitter:card\" content=\"summary_large_image\" \/>\n<meta name=\"twitter:label1\" content=\"Estimated reading time\" \/>\n\t<meta name=\"twitter:data1\" content=\"3 minutes\" \/>\n<script type=\"application\/ld+json\" class=\"yoast-schema-graph\">{\"@context\":\"https:\/\/schema.org\",\"@graph\":[{\"@type\":\"WebPage\",\"@id\":\"https:\/\/elfenoehrchen-verlag.de\/sag-mal-mobbts-bei-dir\/\",\"url\":\"https:\/\/elfenoehrchen-verlag.de\/sag-mal-mobbts-bei-dir\/\",\"name\":\"Sag mal, mobbt's bei dir? - https:\/\/elfenoehrchen-verlag.de\",\"isPartOf\":{\"@id\":\"https:\/\/elfenoehrchen-verlag.de\/#website\"},\"datePublished\":\"2024-03-20T17:31:25+00:00\",\"dateModified\":\"2024-03-21T08:35:37+00:00\",\"breadcrumb\":{\"@id\":\"https:\/\/elfenoehrchen-verlag.de\/sag-mal-mobbts-bei-dir\/#breadcrumb\"},\"inLanguage\":\"en-GB\",\"potentialAction\":[{\"@type\":\"ReadAction\",\"target\":[\"https:\/\/elfenoehrchen-verlag.de\/sag-mal-mobbts-bei-dir\/\"]}]},{\"@type\":\"BreadcrumbList\",\"@id\":\"https:\/\/elfenoehrchen-verlag.de\/sag-mal-mobbts-bei-dir\/#breadcrumb\",\"itemListElement\":[{\"@type\":\"ListItem\",\"position\":1,\"name\":\"Startseite\",\"item\":\"https:\/\/elfenoehrchen-verlag.de\/\"},{\"@type\":\"ListItem\",\"position\":2,\"name\":\"Sag mal, mobbt&#8217;s bei dir?\"}]},{\"@type\":\"WebSite\",\"@id\":\"https:\/\/elfenoehrchen-verlag.de\/#website\",\"url\":\"https:\/\/elfenoehrchen-verlag.de\/\",\"name\":\"https:\/\/elfenoehrchen-verlag.de\",\"description\":\"\",\"potentialAction\":[{\"@type\":\"SearchAction\",\"target\":{\"@type\":\"EntryPoint\",\"urlTemplate\":\"https:\/\/elfenoehrchen-verlag.de\/?s={search_term_string}\"},\"query-input\":{\"@type\":\"PropertyValueSpecification\",\"valueRequired\":true,\"valueName\":\"search_term_string\"}}],\"inLanguage\":\"en-GB\"}]}<\/script>\n<!-- \/ Yoast SEO plugin. -->","yoast_head_json":{"title":"Sag mal, mobbt's bei dir? - https:\/\/elfenoehrchen-verlag.de","robots":{"index":"index","follow":"follow","max-snippet":"max-snippet:-1","max-image-preview":"max-image-preview:large","max-video-preview":"max-video-preview:-1"},"canonical":"https:\/\/elfenoehrchen-verlag.de\/en\/sag-mal-mobbts-bei-dir\/","og_locale":"en_GB","og_type":"article","og_title":"Sag mal, mobbt's bei dir? - https:\/\/elfenoehrchen-verlag.de","og_description":"Sag mal, mobbt's bei dir? \u20ac25,95 Euro |\u20ac16,95 EuroSag mal, mobbt's bei dir? Das Anti-Mobbing Buch f\u00fcr Kinder! - Ab 8 Jahren! Jedes dritte Kind ist von Mobbing betroffen. Am h\u00e4ufigsten passiert es in deutschen Schulen. Doch was ist Mobbing \u00fcberhaupt, warum passiert Mobbing und was kann gegen Mobbing helfen? Macht euch gemeinsam als Familie [&hellip;]","og_url":"https:\/\/elfenoehrchen-verlag.de\/en\/sag-mal-mobbts-bei-dir\/","og_site_name":"https:\/\/elfenoehrchen-verlag.de","article_modified_time":"2024-03-21T08:35:37+00:00","twitter_card":"summary_large_image","twitter_misc":{"Estimated reading time":"3 minutes"},"schema":{"@context":"https:\/\/schema.org","@graph":[{"@type":"WebPage","@id":"https:\/\/elfenoehrchen-verlag.de\/sag-mal-mobbts-bei-dir\/","url":"https:\/\/elfenoehrchen-verlag.de\/sag-mal-mobbts-bei-dir\/","name":"Sag mal, mobbt's bei dir? - https:\/\/elfenoehrchen-verlag.de","isPartOf":{"@id":"https:\/\/elfenoehrchen-verlag.de\/#website"},"datePublished":"2024-03-20T17:31:25+00:00","dateModified":"2024-03-21T08:35:37+00:00","breadcrumb":{"@id":"https:\/\/elfenoehrchen-verlag.de\/sag-mal-mobbts-bei-dir\/#breadcrumb"},"inLanguage":"en-GB","potentialAction":[{"@type":"ReadAction","target":["https:\/\/elfenoehrchen-verlag.de\/sag-mal-mobbts-bei-dir\/"]}]},{"@type":"BreadcrumbList","@id":"https:\/\/elfenoehrchen-verlag.de\/sag-mal-mobbts-bei-dir\/#breadcrumb","itemListElement":[{"@type":"ListItem","position":1,"name":"Startseite","item":"https:\/\/elfenoehrchen-verlag.de\/"},{"@type":"ListItem","position":2,"name":"Sag mal, mobbt&#8217;s bei dir?"}]},{"@type":"WebSite","@id":"https:\/\/elfenoehrchen-verlag.de\/#website","url":"https:\/\/elfenoehrchen-verlag.de\/","name":"https:\/\/elfenoehrchen-verlag.de","description":"","potentialAction":[{"@type":"SearchAction","target":{"@type":"EntryPoint","urlTemplate":"https:\/\/elfenoehrchen-verlag.de\/?s={search_term_string}"},"query-input":{"@type":"PropertyValueSpecification","valueRequired":true,"valueName":"search_term_string"}}],"inLanguage":"en-GB"}]}},"_links":{"self":[{"href":"https:\/\/elfenoehrchen-verlag.de\/en\/wp-json\/wp\/v2\/pages\/767","targetHints":{"allow":["GET"]}}],"collection":[{"href":"https:\/\/elfenoehrchen-verlag.de\/en\/wp-json\/wp\/v2\/pages"}],"about":[{"href":"https:\/\/elfenoehrchen-verlag.de\/en\/wp-json\/wp\/v2\/types\/page"}],"author":[{"embeddable":true,"href":"https:\/\/elfenoehrchen-verlag.de\/en\/wp-json\/wp\/v2\/users\/1"}],"replies":[{"embeddable":true,"href":"https:\/\/elfenoehrchen-verlag.de\/en\/wp-json\/wp\/v2\/comments?post=767"}],"version-history":[{"count":4,"href":"https:\/\/elfenoehrchen-verlag.de\/en\/wp-json\/wp\/v2\/pages\/767\/revisions"}],"predecessor-version":[{"id":833,"href":"https:\/\/elfenoehrchen-verlag.de\/en\/wp-json\/wp\/v2\/pages\/767\/revisions\/833"}],"wp:attachment":[{"href":"https:\/\/elfenoehrchen-verlag.de\/en\/wp-json\/wp\/v2\/media?parent=767"}],"curies":[{"name":"wp","href":"https:\/\/api.w.org\/{rel}","templated":true}]}}