{"id":146,"date":"2022-07-05T21:54:11","date_gmt":"2022-07-05T19:54:11","guid":{"rendered":"https:\/\/xn--elfenhrchen-verlag-h3b.de\/?page_id=146"},"modified":"2024-03-30T13:26:03","modified_gmt":"2024-03-30T12:26:03","slug":"kinderbuecher","status":"publish","type":"page","link":"https:\/\/elfenoehrchen-verlag.de\/en\/kinderbuecher\/","title":{"rendered":"Children's books"},"content":{"rendered":"<p>[et_pb_section fb_built=&#8220;1&#8243; _builder_version=&#8220;4.17.4&#8243; _module_preset=&#8220;default&#8220; min_height=&#8220;100px&#8220; height=&#8220;358px&#8220; custom_margin=&#8220;||-2px|||&#8220; global_colors_info=&#8220;{}&#8220;][et_pb_row _builder_version=&#8220;4.17.4&#8243; _module_preset=&#8220;default&#8220; global_colors_info=&#8220;{}&#8220;][et_pb_column type=&#8220;4_4&#8243; _builder_version=&#8220;4.17.4&#8243; _module_preset=&#8220;default&#8220; global_colors_info=&#8220;{}&#8220;][et_pb_image src=&#8220;https:\/\/xn--elfenhrchen-verlag-h3b.de\/wp-content\/uploads\/2024\/03\/Kein-Titel-3508-x-2480-px.png&#8220; title_text=&#8220;Logo&#8220; align=&#8220;center&#8220; _builder_version=&#8220;4.17.4&#8243; _module_preset=&#8220;default&#8220; height=&#8220;331px&#8220; height_tablet=&#8220;331px&#8220; height_phone=&#8220;331px&#8220; height_last_edited=&#8220;on|phone&#8220; max_height_tablet=&#8220;&#8220; max_height_phone=&#8220;227px&#8220; max_height_last_edited=&#8220;on|phone&#8220; custom_margin=&#8220;-70px|||||&#8220; custom_padding=&#8220;0px|||||&#8220; global_colors_info=&#8220;{}&#8220;][\/et_pb_image][\/et_pb_column][\/et_pb_row][\/et_pb_section][et_pb_section fb_built=&#8220;1&#8243; _builder_version=&#8220;4.17.4&#8243; _module_preset=&#8220;default&#8220; background_color=&#8220;#f7f7f7&#8243; custom_margin_tablet=&#8220;&#8220; custom_margin_phone=&#8220;-100px||||false|false&#8220; custom_margin_last_edited=&#8220;on|phone&#8220; custom_padding=&#8220;1px||86px|||&#8220; global_colors_info=&#8220;{}&#8220;][et_pb_row _builder_version=&#8220;4.17.4&#8243; _module_preset=&#8220;default&#8220; global_colors_info=&#8220;{}&#8220;][et_pb_column type=&#8220;4_4&#8243; _builder_version=&#8220;4.17.4&#8243; _module_preset=&#8220;default&#8220; global_colors_info=&#8220;{}&#8220;][et_pb_text _builder_version=&#8220;4.17.4&#8243; _module_preset=&#8220;default&#8220; text_text_color=&#8220;#FFFFFF&#8220; header_2_font=&#8220;Georgia|700|||||||&#8220; header_2_text_color=&#8220;#000000&#8243; global_colors_info=&#8220;{}&#8220;]<\/p>\n<h2 style=\"text-align: left;\">Eure Lieblingsb\u00fccher von Elfen\u00f6hrchen 2024<\/h2>\n<p>[\/et_pb_text][\/et_pb_column][\/et_pb_row][et_pb_row column_structure=&#8220;1_4,1_4,1_4,1_4&#8243; use_custom_gutter=&#8220;on&#8220; custom_padding_last_edited=&#8220;on|desktop&#8220; _builder_version=&#8220;4.17.4&#8243; _module_preset=&#8220;default&#8220; background_color=&#8220;#ffffff&#8220; width_tablet=&#8220;&#8220; width_phone=&#8220;92%&#8220; width_last_edited=&#8220;on|phone&#8220; module_alignment=&#8220;center&#8220; custom_margin=&#8220;||||false|false&#8220; custom_padding=&#8220;|15px||15px|false|false&#8220; custom_padding_tablet=&#8220;|15px||15px|false|false&#8220; custom_padding_phone=&#8220;|15px||15px|false|false&#8220; global_colors_info=&#8220;{}&#8220;][et_pb_column type=&#8220;1_4&#8243; _builder_version=&#8220;4.17.4&#8243; _module_preset=&#8220;default&#8220; global_colors_info=&#8220;{}&#8220;][et_pb_image src=&#8220;https:\/\/xn--elfenhrchen-verlag-h3b.de\/wp-content\/uploads\/2024\/03\/Cover-Website-Elfenoehrchen-Kopie.png&#8220; title_text=&#8220;Cover Das Universum in dir&#8220; url=&#8220;https:\/\/amzn.to\/40yWlNk&#8220; url_new_window=&#8220;on&#8220; _builder_version=&#8220;4.17.4&#8243; _module_preset=&#8220;default&#8220; global_colors_info=&#8220;{}&#8220;][\/et_pb_image][et_pb_text _builder_version=&#8220;4.17.4&#8243; _module_preset=&#8220;default&#8220; custom_margin=&#8220;||7px|||&#8220; link_option_url=&#8220;https:\/\/amzn.to\/40yWlNk&#8220; link_option_url_new_window=&#8220;on&#8220; global_colors_info=&#8220;{}&#8220;]<\/p>\n<p style=\"text-align: center;\"><strong>Das Universum in Dir<\/strong><br \/><strong> (Manifestieren f\u00fcr Kinder)<br \/><\/strong><\/p>\n<p style=\"text-align: center;\"><span style=\"font-size: small;\"><strong><\/strong><\/span><\/p>\n<p class=\"a-spacing-base\"><strong><span class=\"a-text-bold\">Eine Liebeserkl\u00e4rung an Dein Leben!<\/span><\/strong><\/p>\n<p class=\"a-spacing-base\">In jedem von uns schlummert eine ganz besondere Kraft. Wenn wir uns mit dieser Kraft verbinden, dann ist nichts unm\u00f6glich. Aus der Ferne betrachtet, sind wir kleine P\u00fcnktchen, die auf einem von zahlreichen Planeten durch das Universum schweben. Wir sind also alle Teil eines gro\u00dfen Ganzen, indem ALLES miteinander verbunden ist. <span class=\"a-text-bold\">Das Sch\u00f6ne<\/span>: In unserem Universum ist reichlich Platz f\u00fcr W\u00fcnsche und Tr\u00e4ume, die Du Dir manifestieren darfst. Das bedeutet, dass Du das, was Du Dir tief im Inneren w\u00fcnscht, wahrmachen kannst. Lass uns gemeinsam eintauchen &#8211; in das Universum in Dir!<span>\u00a0<\/span><span class=\"a-text-bold\">Dieses Buch ist so divers, wie das Universum!<\/span><\/p>\n<p class=\"a-spacing-base\"><strong>Ein Einstieg in moderne Spiritualit\u00e4t f\u00fcr Kinder mit leicht verst\u00e4ndlichen Erkl\u00e4rungen zu den Themen W\u00fcnschen, Visualisieren, Dankbarkeit &amp; Manifestieren.<\/strong><span class=\"a-list-item\"><\/span><\/p>\n<p style=\"text-align: center;\">\n<p>[\/et_pb_text][et_pb_button button_url=&#8220;https:\/\/amzn.to\/3RAhAKq&#8220; url_new_window=&#8220;on&#8220; button_text=&#8220;Kaufen *&#8220; button_alignment=&#8220;center&#8220; _builder_version=&#8220;4.17.4&#8243; _module_preset=&#8220;default&#8220; custom_button=&#8220;on&#8220; button_text_color=&#8220;#7f7c79&#8243; custom_margin=&#8220;-12px|||||&#8220; global_colors_info=&#8220;{}&#8220;][\/et_pb_button][\/et_pb_column][et_pb_column type=&#8220;1_4&#8243; _builder_version=&#8220;4.17.4&#8243; _module_preset=&#8220;default&#8220; global_colors_info=&#8220;{}&#8220;][et_pb_image src=&#8220;https:\/\/xn--elfenhrchen-verlag-h3b.de\/wp-content\/uploads\/2023\/07\/4.png&#8220; title_text=&#8220;4&#8243; url=&#8220;https:\/\/amzn.to\/3JCbKEW&#8220; url_new_window=&#8220;on&#8220; _builder_version=&#8220;4.17.4&#8243; _module_preset=&#8220;default&#8220; global_colors_info=&#8220;{}&#8220;][\/et_pb_image][et_pb_text _builder_version=&#8220;4.17.4&#8243; _module_preset=&#8220;default&#8220; custom_margin=&#8220;||7px|||&#8220; link_option_url=&#8220;https:\/\/amzn.to\/3JCbKEW&#8220; link_option_url_new_window=&#8220;on&#8220; global_colors_info=&#8220;{}&#8220;]<\/p>\n<p style=\"text-align: center;\"><strong>The Garden in You<\/strong><br \/><strong> (Discover the Power of Your Thoughts)<br \/><\/strong><\/p>\n<p style=\"text-align: center;\"><span style=\"font-size: small;\"><strong><\/strong><\/span><\/p>\n<p><span>Have you ever really listened to yourself? Listened to the thoughts in your head?\u00a0<\/span><span class=\"a-text-bold\">How do you talk to yourself?<\/span><span>\u00a0Are they loving and encouraging words that you think of when you don't succeed? Or do you think badly of yourself and put yourself down?<\/span><\/p>\n<p><span>Your\u00a0<\/span><span class=\"a-text-bold\">thoughts are incredibly powerful<\/span><span>, because with them you shape your whole world. Every thought is valuable and has the power to decide how you feel, how you act and what you believe in. In short:\u00a0<\/span><span class=\"a-text-bold\">your thoughts determine how beautiful your life will be<\/span><span>. Time to listen to your thoughts more closely.<\/span><\/p>\n<p class=\"a-spacing-base\"><strong>An introduction to modern spirituality for children with easy-to-understand explanations on the topics of love, self-awareness and self-love.<\/strong><span class=\"a-list-item\"><\/span><\/p>\n<p style=\"text-align: center;\">\n<p>[\/et_pb_text][et_pb_button button_url=&#8220;https:\/\/amzn.to\/3JCbKEW&#8220; url_new_window=&#8220;on&#8220; button_text=&#8220;Kaufen *&#8220; button_alignment=&#8220;center&#8220; _builder_version=&#8220;4.17.4&#8243; _module_preset=&#8220;default&#8220; custom_button=&#8220;on&#8220; button_text_color=&#8220;#7f7c79&#8243; custom_margin=&#8220;-12px|||||&#8220; global_colors_info=&#8220;{}&#8220;][\/et_pb_button][\/et_pb_column][et_pb_column type=&#8220;1_4&#8243; _builder_version=&#8220;4.17.4&#8243; _module_preset=&#8220;default&#8220; global_colors_info=&#8220;{}&#8220;][et_pb_image src=&#8220;https:\/\/xn--elfenhrchen-verlag-h3b.de\/wp-content\/uploads\/2023\/07\/3.png&#8220; title_text=&#8220;3&#8243; url=&#8220;@ET-DC@eyJkeW5hbWljIjp0cnVlLCJjb250ZW50IjoicG9zdF9saW5rX3VybF9wYWdlIiwic2V0dGluZ3MiOnsicG9zdF9pZCI6IjYyMiJ9fQ==@&#8220; _builder_version=&#8220;4.17.4&#8243; _dynamic_attributes=&#8220;url&#8220; _module_preset=&#8220;default&#8220; global_colors_info=&#8220;{}&#8220;][\/et_pb_image][et_pb_text _builder_version=&#8220;4.17.4&#8243; _module_preset=&#8220;default&#8220; link_option_url=&#8220;https:\/\/amzn.to\/3T5ynW4&#8243; link_option_url_new_window=&#8220;on&#8220; global_colors_info=&#8220;{}&#8220;]<\/p>\n<p style=\"text-align: center;\"><strong>The Love in You<br \/>(Seelenaufgabe|Dankbarkeit)<\/strong><\/p>\n<p>[\/et_pb_text][et_pb_text _builder_version=&#8220;4.17.4&#8243; _module_preset=&#8220;default&#8220; text_orientation=&#8220;center&#8220; link_option_url=&#8220;https:\/\/amzn.to\/3mCsBzJ&#8220; link_option_url_new_window=&#8220;on&#8220; global_colors_info=&#8220;{}&#8220;]<\/p>\n<p style=\"text-align: left;\"><span>What do you use your love for? Did you know that love is the strongest force in the universe? It is love that connects us all with each other. This love also lives in you. You can imagine it like a treasure. Like a brightly shimmering pearl in your heart that never stops shining. And it is precisely this radiant glow in you that gives you that warm, tingling feeling when you do something you love from the heart.<\/span><\/p>\n<p style=\"text-align: left;\"><span>With this superpower you can change the world - but how exactly does that work? Find out why you can always follow love, lightness and joy.<\/span><span><\/span><\/p>\n<p style=\"text-align: left;\"><span><strong>An introduction to modern spirituality for children with easy-to-understand explanations on the topics of love, self-awareness and self-love.<\/strong><\/span><\/p>\n<p>[\/et_pb_text][et_pb_button button_url=&#8220;https:\/\/amzn.to\/3mCsBzJ&#8220; url_new_window=&#8220;on&#8220; button_text=&#8220;Kaufen *&#8220; button_alignment=&#8220;center&#8220; _builder_version=&#8220;4.17.4&#8243; _module_preset=&#8220;default&#8220; custom_button=&#8220;on&#8220; button_text_color=&#8220;#7f7c79&#8243; custom_margin=&#8220;19px|||||&#8220; global_colors_info=&#8220;{}&#8220;][\/et_pb_button][\/et_pb_column][et_pb_column type=&#8220;1_4&#8243; _builder_version=&#8220;4.17.4&#8243; _module_preset=&#8220;default&#8220; global_colors_info=&#8220;{}&#8220;][et_pb_image src=&#8220;https:\/\/xn--elfenhrchen-verlag-h3b.de\/wp-content\/uploads\/2024\/03\/Cover-Website-Elfenoehrchen-Kopie-3.png&#8220; title_text=&#8220;Cover Der Osterdrache&#8220; url=&#8220;@ET-DC@eyJkeW5hbWljIjp0cnVlLCJjb250ZW50IjoicG9zdF9saW5rX3VybF9wYWdlIiwic2V0dGluZ3MiOnsicG9zdF9pZCI6Ijc5MSJ9fQ==@&#8220; _builder_version=&#8220;4.17.4&#8243; _dynamic_attributes=&#8220;url&#8220; _module_preset=&#8220;default&#8220; global_colors_info=&#8220;{}&#8220;][\/et_pb_image][et_pb_text _builder_version=&#8220;4.17.4&#8243; _dynamic_attributes=&#8220;link_option_url&#8220; _module_preset=&#8220;default&#8220; link_option_url=&#8220;@ET-DC@eyJkeW5hbWljIjp0cnVlLCJjb250ZW50IjoicG9zdF9saW5rX3VybF9wYWdlIiwic2V0dGluZ3MiOnsicG9zdF9pZCI6Ijc5MSJ9fQ==@&#8220; global_colors_info=&#8220;{}&#8220;]<\/p>\n<p style=\"text-align: center;\"><strong>Der Osterdrache<br \/><\/strong><strong>(Wie Solly seine Gabe findet)<\/strong><\/p>\n<p>[\/et_pb_text][et_pb_text _builder_version=&#8220;4.17.4&#8243; _module_preset=&#8220;default&#8220; text_orientation=&#8220;center&#8220; link_option_url=&#8220;https:\/\/amzn.to\/3mCsBzJ&#8220; link_option_url_new_window=&#8220;on&#8220; global_colors_info=&#8220;{}&#8220;]<\/p>\n<p class=\"cvGsUA direction-ltr align-center para-style-body\"><span class=\"OYPEnA text-decoration-none text-strikethrough-none\">Solly Schuppelbert Qualmelot von Fl\u00e4mmchen schl\u00fcpft in einer milden Fr\u00fchlingsnacht \u2013 so wie vier weitere Drachenkinder \u2013 aus seinem Ei. Jedes Drachenkind hat eine besondere Gabe und schnell entdecken die ersten vier ihre Besonderheiten. Nur Solly kann seine Gabe nicht finden. Welche Gabe steckt denn nur in Solly? <\/span><span class=\"OYPEnA text-decoration-none text-strikethrough-none\">Ist er ein \u201eUnter-Wasser\u201c-Drache wie Babette? Ein \u201eKugel\u201c-Drache wie Willroy? Oder ist Solly ein \u201eSpuck\u201c-Drache wie Loui?<\/span><\/p>\n<p class=\"cvGsUA direction-ltr align-center para-style-body\"><span class=\"OYPEnA text-decoration-none text-strikethrough-none\">Doch dann kommt alles ganz anders, denn Solly ist ein Osterdrache. Der erste in der Drachenfamilie. Doch was genau treibt so ein Osterdrache \u00fcberhaupt? Findet es gemeinsam heraus und entdeckt den atemberaubenden Osterzauber.<\/span><\/p>\n<p><strong><span class=\"a-text-bold\">Die zauberhafte Geschichte von Solly, der seine wahre Gabe findet! Entdeckt auch ihr eure Gaben gemeinsam! \u2013 Ab 3 Jahren!<\/span><\/strong><span class=\"OYPEnA text-decoration-none text-strikethrough-none\"><\/span><\/p>\n<p>[\/et_pb_text][et_pb_button button_url=&#8220;https:\/\/amzn.to\/48mNgcO&#8220; url_new_window=&#8220;on&#8220; button_text=&#8220;Kaufen *&#8220; button_alignment=&#8220;center&#8220; _builder_version=&#8220;4.17.4&#8243; _module_preset=&#8220;default&#8220; custom_button=&#8220;on&#8220; button_text_color=&#8220;#7f7c79&#8243; custom_margin=&#8220;19px|||||&#8220; global_colors_info=&#8220;{}&#8220;][\/et_pb_button][\/et_pb_column][\/et_pb_row][et_pb_row column_structure=&#8220;1_3,1_3,1_3&#8243; use_custom_gutter=&#8220;on&#8220; custom_padding_last_edited=&#8220;on|desktop&#8220; _builder_version=&#8220;4.17.4&#8243; _module_preset=&#8220;default&#8220; background_color=&#8220;#ffffff&#8220; width_tablet=&#8220;&#8220; width_phone=&#8220;92%&#8220; width_last_edited=&#8220;on|phone&#8220; module_alignment=&#8220;center&#8220; custom_margin=&#8220;40px|auto||auto|false|false&#8220; custom_padding=&#8220;|15px||15px|false|false&#8220; custom_padding_tablet=&#8220;|15px||15px|false|false&#8220; custom_padding_phone=&#8220;|15px||15px|false|false&#8220; global_colors_info=&#8220;{}&#8220;][et_pb_column type=&#8220;1_3&#8243; _builder_version=&#8220;4.17.4&#8243; _module_preset=&#8220;default&#8220; global_colors_info=&#8220;{}&#8220;][et_pb_image src=&#8220;https:\/\/xn--elfenhrchen-verlag-h3b.de\/wp-content\/uploads\/2024\/03\/3.png&#8220; title_text=&#8220;F\u00fcr Kleinkinder&#8220; url=&#8220;@ET-DC@eyJkeW5hbWljIjp0cnVlLCJjb250ZW50IjoicG9zdF9saW5rX3VybF9wYWdlIiwic2V0dGluZ3MiOnsicG9zdF9pZCI6Ijg5NCJ9fQ==@&#8220; _builder_version=&#8220;4.17.4&#8243; _dynamic_attributes=&#8220;url&#8220; _module_preset=&#8220;default&#8220; global_colors_info=&#8220;{}&#8220;][\/et_pb_image][et_pb_button button_url=&#8220;@ET-DC@eyJkeW5hbWljIjp0cnVlLCJjb250ZW50IjoicG9zdF9saW5rX3VybF9wYWdlIiwic2V0dGluZ3MiOnsicG9zdF9pZCI6Ijg5NCJ9fQ==@&#8220; url_new_window=&#8220;on&#8220; button_text=&#8220;B\u00fccher 0-3 Jahre&#8220; button_alignment=&#8220;center&#8220; _builder_version=&#8220;4.17.4&#8243; _dynamic_attributes=&#8220;button_url&#8220; _module_preset=&#8220;default&#8220; custom_button=&#8220;on&#8220; button_text_color=&#8220;#7f7c79&#8243; custom_margin=&#8220;19px|||||&#8220; global_colors_info=&#8220;{}&#8220;][\/et_pb_button][\/et_pb_column][et_pb_column type=&#8220;1_3&#8243; _builder_version=&#8220;4.17.4&#8243; _module_preset=&#8220;default&#8220; global_colors_info=&#8220;{}&#8220;][et_pb_image src=&#8220;https:\/\/xn--elfenhrchen-verlag-h3b.de\/wp-content\/uploads\/2024\/03\/2.png&#8220; title_text=&#8220;F\u00fcr Schulkinder&#8220; url=&#8220;@ET-DC@eyJkeW5hbWljIjp0cnVlLCJjb250ZW50IjoicG9zdF9saW5rX3VybF9wYWdlIiwic2V0dGluZ3MiOnsicG9zdF9pZCI6IjkwMCJ9fQ==@&#8220; _builder_version=&#8220;4.17.4&#8243; _dynamic_attributes=&#8220;url&#8220; _module_preset=&#8220;default&#8220; global_colors_info=&#8220;{}&#8220;][\/et_pb_image][et_pb_button button_url=&#8220;@ET-DC@eyJkeW5hbWljIjp0cnVlLCJjb250ZW50IjoicG9zdF9saW5rX3VybF9wYWdlIiwic2V0dGluZ3MiOnsicG9zdF9pZCI6IjkwMCJ9fQ==@&#8220; url_new_window=&#8220;on&#8220; button_text=&#8220;B\u00fccher ab 5 Jahre&#8220; button_alignment=&#8220;center&#8220; _builder_version=&#8220;4.17.4&#8243; _dynamic_attributes=&#8220;button_url&#8220; _module_preset=&#8220;default&#8220; custom_button=&#8220;on&#8220; button_text_color=&#8220;#7f7c79&#8243; custom_margin=&#8220;19px|||||&#8220; global_colors_info=&#8220;{}&#8220;][\/et_pb_button][\/et_pb_column][et_pb_column type=&#8220;1_3&#8243; _builder_version=&#8220;4.17.4&#8243; _module_preset=&#8220;default&#8220; global_colors_info=&#8220;{}&#8220;][et_pb_image src=&#8220;https:\/\/xn--elfenhrchen-verlag-h3b.de\/wp-content\/uploads\/2024\/03\/1.png&#8220; title_text=&#8220;Feiertage&#8220; url_new_window=&#8220;on&#8220; align=&#8220;center&#8220; _builder_version=&#8220;4.17.4&#8243; _module_preset=&#8220;default&#8220; height=&#8220;384px&#8220; global_colors_info=&#8220;{}&#8220;][\/et_pb_image][et_pb_button url_new_window=&#8220;on&#8220; button_text=&#8220;B\u00fccher f\u00fcr Feiertage&#8220; button_alignment=&#8220;center&#8220; _builder_version=&#8220;4.17.4&#8243; _module_preset=&#8220;default&#8220; custom_button=&#8220;on&#8220; button_text_color=&#8220;#7f7c79&#8243; custom_margin=&#8220;19px|||||&#8220; global_colors_info=&#8220;{}&#8220;][\/et_pb_button][\/et_pb_column][\/et_pb_row][\/et_pb_section][et_pb_section fb_built=&#8220;1&#8243; _builder_version=&#8220;4.17.4&#8243; _module_preset=&#8220;default&#8220; min_height=&#8220;336.5px&#8220; custom_padding=&#8220;49px||34px|||&#8220; global_colors_info=&#8220;{}&#8220;][et_pb_row column_structure=&#8220;1_5,3_5,1_5&#8243; _builder_version=&#8220;4.17.4&#8243; _module_preset=&#8220;default&#8220; custom_margin_tablet=&#8220;&#8220; custom_margin_phone=&#8220;-70px||||false|false&#8220; custom_margin_last_edited=&#8220;on|phone&#8220; global_colors_info=&#8220;{}&#8220;][et_pb_column type=&#8220;1_5&#8243; _builder_version=&#8220;4.17.4&#8243; _module_preset=&#8220;default&#8220; global_colors_info=&#8220;{}&#8220;][et_pb_image align=&#8220;center&#8220; _builder_version=&#8220;4.17.4&#8243; _module_preset=&#8220;default&#8220; global_colors_info=&#8220;{}&#8220;][\/et_pb_image][\/et_pb_column][et_pb_column type=&#8220;3_5&#8243; _builder_version=&#8220;4.17.4&#8243; _module_preset=&#8220;default&#8220; global_colors_info=&#8220;{}&#8220;][et_pb_text _builder_version=&#8220;4.17.4&#8243; _module_preset=&#8220;default&#8220; text_text_color=&#8220;#FFFFFF&#8220; header_2_font=&#8220;ABeeZee|700|||||||&#8220; header_2_text_color=&#8220;#7f7c79&#8243; global_colors_info=&#8220;{}&#8220;]<\/p>\n<h2 style=\"text-align: center;\">The heart of our elf ear world<\/h2>\n<p>[\/et_pb_text][et_pb_text _builder_version=&#8220;4.17.4&#8243; _module_preset=&#8220;default&#8220; text_font=&#8220;||||||||&#8220; text_font_size=&#8220;16px&#8220; text_orientation=&#8220;center&#8220; global_colors_info=&#8220;{}&#8220;]<\/p>\n<p><span>Wir freuen uns so sehr, dass Du hier bist. Unsere Kinderb\u00fccher sind das Herzst\u00fcck von Elfen\u00f6hrchen. Nichts lieben wir mehr, als fantastische Welten f\u00fcr euch zu kreieren, in denen ihr euch wohl und Zuhause f\u00fchlen d\u00fcrft. Ihr seid herzlich eingeladen neue Freundschaften zu schlie\u00dfen und Trudys und Freds (unsere Tassen) Lieblingsgeschichte zu entdecken.<\/span><\/p>\n<p>[\/et_pb_text][\/et_pb_column][et_pb_column type=&#8220;1_5&#8243; _builder_version=&#8220;4.17.4&#8243; _module_preset=&#8220;default&#8220; global_colors_info=&#8220;{}&#8220;][et_pb_image src=&#8220;https:\/\/xn--elfenhrchen-verlag-h3b.de\/wp-content\/uploads\/2022\/07\/Logo_Tasse-blau-rgb-ohne-Schrift-e1657022211221.jpg&#8220; title_text=&#8220;Logo_Tasse blau rgb ohne Schrift&#8220; align=&#8220;center&#8220; disabled_on=&#8220;on|off|off&#8220; _builder_version=&#8220;4.17.4&#8243; _module_preset=&#8220;default&#8220; custom_padding=&#8220;63px|||||&#8220; global_colors_info=&#8220;{}&#8220;][\/et_pb_image][\/et_pb_column][\/et_pb_row][\/et_pb_section][et_pb_section fb_built=&#8220;1&#8243; _builder_version=&#8220;4.17.4&#8243; _module_preset=&#8220;default&#8220; background_color=&#8220;#febdd3&#8243; custom_margin_tablet=&#8220;&#8220; custom_margin_phone=&#8220;-30px||||false|false&#8220; custom_margin_last_edited=&#8220;on|phone&#8220; global_colors_info=&#8220;{}&#8220;][et_pb_row column_structure=&#8220;2_5,3_5&#8243; _builder_version=&#8220;4.17.4&#8243; _module_preset=&#8220;default&#8220; background_color=&#8220;#ffffff&#8220; width_tablet=&#8220;&#8220; width_phone=&#8220;92%&#8220; width_last_edited=&#8220;on|phone&#8220; global_colors_info=&#8220;{}&#8220;][et_pb_column type=&#8220;2_5&#8243; _builder_version=&#8220;4.17.4&#8243; _module_preset=&#8220;default&#8220; global_colors_info=&#8220;{}&#8220;][et_pb_image src=&#8220;https:\/\/xn--elfenhrchen-verlag-h3b.de\/wp-content\/uploads\/2022\/07\/Tassen-ohne-Schrift.jpg&#8220; title_text=&#8220;Tassen ohne Schrift&#8220; _builder_version=&#8220;4.17.4&#8243; _module_preset=&#8220;default&#8220; global_colors_info=&#8220;{}&#8220;][\/et_pb_image][\/et_pb_column][et_pb_column type=&#8220;3_5&#8243; _builder_version=&#8220;4.17.4&#8243; _module_preset=&#8220;default&#8220; global_colors_info=&#8220;{}&#8220;][et_pb_text _builder_version=&#8220;4.17.4&#8243; _module_preset=&#8220;default&#8220; text_text_color=&#8220;#FFFFFF&#8220; header_2_font=&#8220;ABeeZee|700|||||||&#8220; header_2_text_color=&#8220;#7f7c79&#8243; custom_padding_tablet=&#8220;&#8220; custom_padding_phone=&#8220;|||40px|false|false&#8220; custom_padding_last_edited=&#8220;on|phone&#8220; global_colors_info=&#8220;{}&#8220;]<\/p>\n<h2 style=\"text-align: left;\">How our stories are created<\/h2>\n<p>[\/et_pb_text][et_pb_text module_class=&#8220;pa-toggle-text&#8220; _builder_version=&#8220;4.17.4&#8243; _module_preset=&#8220;default&#8220; max_width=&#8220;88%&#8220; custom_padding_tablet=&#8220;&#8220; custom_padding_phone=&#8220;|0px||40px|false|false&#8220; custom_padding_last_edited=&#8220;on|phone&#8220; global_colors_info=&#8220;{}&#8220;]<\/p>\n<p>Just like Trudy and Fred, our stories are real handiwork and the development of each of our stories also has a lot to do with English tea. Because like Trudy, the most colourful, heart-warming and funniest stories always bubble through the head of the Elf Ear writing pen when a nice, warm Yorkshire tea is nearby. But sometimes it's the very small things in life that elicit the most enchanting characters from our quill. Because: Stories are everywhere! They are lying in the street, buzzing through everyone's head - even if completely unnoticed by many - or hanging in the clouds.<\/p>\n<p>When our pen has such a moment, the paper is quickly drawn and the idea is examined for its true magic. Soon the characters emerge from between paper and ink and tell their story almost by themselves. In the end, our often tired quill beams happily and contentedly.<\/p>\n<p>From the pen we move on to our true magicians: the illustrators. They bring each character to life with their own imagination and design our books with an insane amount of love. We are blown away every time a new character is born. &lt;3<\/p>\n<p>Then, when the story and illustrations come together in one document, the book you will soon or already have in your hands is created. Before our books go to print, they are reviewed by real experts like editors. They make sure that no mistakes have crept in. Once that's done, we're ready to go - our books are printed as soon as they're ordered. This way we save resources and only produce what you really want \ud83d\ude42<\/p>\n<p><strong>Do you have any suggestions, questions or wishes? Then write to us at info@elfenoehrchen-verlag.de\u00a0<\/strong><\/p>\n<p>[\/et_pb_text][\/et_pb_column][\/et_pb_row][\/et_pb_section]<\/p>","protected":false},"excerpt":{"rendered":"<p>Eure Lieblingsb\u00fccher von Elfen\u00f6hrchen 2024Das Universum in Dir (Manifestieren f\u00fcr Kinder) Eine Liebeserkl\u00e4rung an Dein Leben! In jedem von uns schlummert eine ganz besondere Kraft. Wenn wir uns mit dieser Kraft verbinden, dann ist nichts unm\u00f6glich. Aus der Ferne betrachtet, sind wir kleine P\u00fcnktchen, die auf einem von zahlreichen Planeten durch das Universum schweben. Wir [&hellip;]<\/p>","protected":false},"author":1,"featured_media":0,"parent":0,"menu_order":0,"comment_status":"closed","ping_status":"closed","template":"","meta":{"_et_pb_use_builder":"on","_et_pb_old_content":"","_et_gb_content_width":"","footnotes":""},"class_list":["post-146","page","type-page","status-publish","hentry"],"yoast_head":"<!-- This site is optimized with the Yoast SEO plugin v26.8 - https:\/\/yoast.com\/product\/yoast-seo-wordpress\/ -->\n<title>Kinderb\u00fccher - https:\/\/elfenoehrchen-verlag.de<\/title>\n<meta name=\"description\" content=\"Mit Kinderb\u00fcchern aus der Elfen\u00f6hrchen-Schreibfeder taucht ihr ein in die fantastischen Abenteuer unserer Lieblings-Helden.\" \/>\n<meta name=\"robots\" content=\"index, follow, max-snippet:-1, max-image-preview:large, max-video-preview:-1\" \/>\n<link rel=\"canonical\" href=\"https:\/\/elfenoehrchen-verlag.de\/en\/kinderbuecher\/\" \/>\n<meta property=\"og:locale\" content=\"en_GB\" \/>\n<meta property=\"og:type\" content=\"article\" \/>\n<meta property=\"og:title\" content=\"Kinderb\u00fccher - https:\/\/elfenoehrchen-verlag.de\" \/>\n<meta property=\"og:description\" content=\"Mit Kinderb\u00fcchern aus der Elfen\u00f6hrchen-Schreibfeder taucht ihr ein in die fantastischen Abenteuer unserer Lieblings-Helden.\" \/>\n<meta property=\"og:url\" content=\"https:\/\/elfenoehrchen-verlag.de\/en\/kinderbuecher\/\" \/>\n<meta property=\"og:site_name\" content=\"https:\/\/elfenoehrchen-verlag.de\" \/>\n<meta property=\"article:modified_time\" content=\"2024-03-30T12:26:03+00:00\" \/>\n<meta name=\"twitter:card\" content=\"summary_large_image\" \/>\n<meta name=\"twitter:label1\" content=\"Estimated reading time\" \/>\n\t<meta name=\"twitter:data1\" content=\"5 minutes\" \/>\n<script type=\"application\/ld+json\" class=\"yoast-schema-graph\">{\"@context\":\"https:\/\/schema.org\",\"@graph\":[{\"@type\":\"WebPage\",\"@id\":\"https:\/\/elfenoehrchen-verlag.de\/kinderbuecher\/\",\"url\":\"https:\/\/elfenoehrchen-verlag.de\/kinderbuecher\/\",\"name\":\"Kinderb\u00fccher - https:\/\/elfenoehrchen-verlag.de\",\"isPartOf\":{\"@id\":\"https:\/\/elfenoehrchen-verlag.de\/#website\"},\"datePublished\":\"2022-07-05T19:54:11+00:00\",\"dateModified\":\"2024-03-30T12:26:03+00:00\",\"description\":\"Mit Kinderb\u00fcchern aus der Elfen\u00f6hrchen-Schreibfeder taucht ihr ein in die fantastischen Abenteuer unserer Lieblings-Helden.\",\"breadcrumb\":{\"@id\":\"https:\/\/elfenoehrchen-verlag.de\/kinderbuecher\/#breadcrumb\"},\"inLanguage\":\"en-GB\",\"potentialAction\":[{\"@type\":\"ReadAction\",\"target\":[\"https:\/\/elfenoehrchen-verlag.de\/kinderbuecher\/\"]}]},{\"@type\":\"BreadcrumbList\",\"@id\":\"https:\/\/elfenoehrchen-verlag.de\/kinderbuecher\/#breadcrumb\",\"itemListElement\":[{\"@type\":\"ListItem\",\"position\":1,\"name\":\"Startseite\",\"item\":\"https:\/\/elfenoehrchen-verlag.de\/\"},{\"@type\":\"ListItem\",\"position\":2,\"name\":\"Kinderb\u00fccher\"}]},{\"@type\":\"WebSite\",\"@id\":\"https:\/\/elfenoehrchen-verlag.de\/#website\",\"url\":\"https:\/\/elfenoehrchen-verlag.de\/\",\"name\":\"https:\/\/elfenoehrchen-verlag.de\",\"description\":\"\",\"potentialAction\":[{\"@type\":\"SearchAction\",\"target\":{\"@type\":\"EntryPoint\",\"urlTemplate\":\"https:\/\/elfenoehrchen-verlag.de\/?s={search_term_string}\"},\"query-input\":{\"@type\":\"PropertyValueSpecification\",\"valueRequired\":true,\"valueName\":\"search_term_string\"}}],\"inLanguage\":\"en-GB\"}]}<\/script>\n<!-- \/ Yoast SEO plugin. -->","yoast_head_json":{"title":"Kinderb\u00fccher - https:\/\/elfenoehrchen-verlag.de","description":"Mit Kinderb\u00fcchern aus der Elfen\u00f6hrchen-Schreibfeder taucht ihr ein in die fantastischen Abenteuer unserer Lieblings-Helden.","robots":{"index":"index","follow":"follow","max-snippet":"max-snippet:-1","max-image-preview":"max-image-preview:large","max-video-preview":"max-video-preview:-1"},"canonical":"https:\/\/elfenoehrchen-verlag.de\/en\/kinderbuecher\/","og_locale":"en_GB","og_type":"article","og_title":"Kinderb\u00fccher - https:\/\/elfenoehrchen-verlag.de","og_description":"Mit Kinderb\u00fcchern aus der Elfen\u00f6hrchen-Schreibfeder taucht ihr ein in die fantastischen Abenteuer unserer Lieblings-Helden.","og_url":"https:\/\/elfenoehrchen-verlag.de\/en\/kinderbuecher\/","og_site_name":"https:\/\/elfenoehrchen-verlag.de","article_modified_time":"2024-03-30T12:26:03+00:00","twitter_card":"summary_large_image","twitter_misc":{"Estimated reading time":"5 minutes"},"schema":{"@context":"https:\/\/schema.org","@graph":[{"@type":"WebPage","@id":"https:\/\/elfenoehrchen-verlag.de\/kinderbuecher\/","url":"https:\/\/elfenoehrchen-verlag.de\/kinderbuecher\/","name":"Kinderb\u00fccher - https:\/\/elfenoehrchen-verlag.de","isPartOf":{"@id":"https:\/\/elfenoehrchen-verlag.de\/#website"},"datePublished":"2022-07-05T19:54:11+00:00","dateModified":"2024-03-30T12:26:03+00:00","description":"Mit Kinderb\u00fcchern aus der Elfen\u00f6hrchen-Schreibfeder taucht ihr ein in die fantastischen Abenteuer unserer Lieblings-Helden.","breadcrumb":{"@id":"https:\/\/elfenoehrchen-verlag.de\/kinderbuecher\/#breadcrumb"},"inLanguage":"en-GB","potentialAction":[{"@type":"ReadAction","target":["https:\/\/elfenoehrchen-verlag.de\/kinderbuecher\/"]}]},{"@type":"BreadcrumbList","@id":"https:\/\/elfenoehrchen-verlag.de\/kinderbuecher\/#breadcrumb","itemListElement":[{"@type":"ListItem","position":1,"name":"Startseite","item":"https:\/\/elfenoehrchen-verlag.de\/"},{"@type":"ListItem","position":2,"name":"Kinderb\u00fccher"}]},{"@type":"WebSite","@id":"https:\/\/elfenoehrchen-verlag.de\/#website","url":"https:\/\/elfenoehrchen-verlag.de\/","name":"https:\/\/elfenoehrchen-verlag.de","description":"","potentialAction":[{"@type":"SearchAction","target":{"@type":"EntryPoint","urlTemplate":"https:\/\/elfenoehrchen-verlag.de\/?s={search_term_string}"},"query-input":{"@type":"PropertyValueSpecification","valueRequired":true,"valueName":"search_term_string"}}],"inLanguage":"en-GB"}]}},"_links":{"self":[{"href":"https:\/\/elfenoehrchen-verlag.de\/en\/wp-json\/wp\/v2\/pages\/146","targetHints":{"allow":["GET"]}}],"collection":[{"href":"https:\/\/elfenoehrchen-verlag.de\/en\/wp-json\/wp\/v2\/pages"}],"about":[{"href":"https:\/\/elfenoehrchen-verlag.de\/en\/wp-json\/wp\/v2\/types\/page"}],"author":[{"embeddable":true,"href":"https:\/\/elfenoehrchen-verlag.de\/en\/wp-json\/wp\/v2\/users\/1"}],"replies":[{"embeddable":true,"href":"https:\/\/elfenoehrchen-verlag.de\/en\/wp-json\/wp\/v2\/comments?post=146"}],"version-history":[{"count":10,"href":"https:\/\/elfenoehrchen-verlag.de\/en\/wp-json\/wp\/v2\/pages\/146\/revisions"}],"predecessor-version":[{"id":922,"href":"https:\/\/elfenoehrchen-verlag.de\/en\/wp-json\/wp\/v2\/pages\/146\/revisions\/922"}],"wp:attachment":[{"href":"https:\/\/elfenoehrchen-verlag.de\/en\/wp-json\/wp\/v2\/media?parent=146"}],"curies":[{"name":"wp","href":"https:\/\/api.w.org\/{rel}","templated":true}]}}